{"id":159,"date":"2021-01-28T14:30:42","date_gmt":"2021-01-28T13:30:42","guid":{"rendered":"http:\/\/www.asso-1901.fr\/gemedia\/?page_id=159"},"modified":"2021-08-26T15:34:02","modified_gmt":"2021-08-26T13:34:02","slug":"qui-sommes-nous","status":"publish","type":"page","link":"https:\/\/www.asso-1901.fr\/gemedia\/qui-sommes-nous\/","title":{"rendered":"Qui sommes nous ?"},"content":{"rendered":"\t\t<div data-elementor-type=\"wp-page\" data-elementor-id=\"159\" class=\"elementor elementor-159\">\n\t\t\t\t\t\t<section class=\"elementor-section elementor-top-section elementor-element elementor-element-71d07f7 elementor-section-boxed elementor-section-height-default elementor-section-height-default\" data-id=\"71d07f7\" data-element_type=\"section\">\n\t\t\t\t\t\t<div class=\"elementor-container elementor-column-gap-default\">\n\t\t\t\t\t<div class=\"elementor-column elementor-col-100 elementor-top-column elementor-element elementor-element-f2acb6f\" data-id=\"f2acb6f\" data-element_type=\"column\">\n\t\t\t<div class=\"elementor-widget-wrap elementor-element-populated\">\n\t\t\t\t\t\t<div class=\"elementor-element elementor-element-c41de20 elementor-widget elementor-widget-spacer\" data-id=\"c41de20\" data-element_type=\"widget\" data-widget_type=\"spacer.default\">\n\t\t\t\t<div class=\"elementor-widget-container\">\n\t\t\t\t\t\t\t<div class=\"elementor-spacer\">\n\t\t\t<div class=\"elementor-spacer-inner\"><\/div>\n\t\t<\/div>\n\t\t\t\t\t\t<\/div>\n\t\t\t\t<\/div>\n\t\t\t\t\t<\/div>\n\t\t<\/div>\n\t\t\t\t\t<\/div>\n\t\t<\/section>\n\t\t\t\t<section class=\"elementor-section elementor-top-section elementor-element elementor-element-cdc3df0 elementor-section-height-min-height elementor-section-boxed elementor-section-height-default elementor-section-items-middle\" data-id=\"cdc3df0\" data-element_type=\"section\" data-settings=\"{&quot;background_background&quot;:&quot;classic&quot;}\">\n\t\t\t\t\t\t\t<div class=\"elementor-background-overlay\"><\/div>\n\t\t\t\t\t\t\t<div class=\"elementor-container elementor-column-gap-default\">\n\t\t\t\t\t<div class=\"elementor-column elementor-col-100 elementor-top-column elementor-element elementor-element-5445ce8\" data-id=\"5445ce8\" data-element_type=\"column\" data-settings=\"{&quot;animation&quot;:&quot;none&quot;}\">\n\t\t\t<div class=\"elementor-widget-wrap elementor-element-populated\">\n\t\t\t\t\t\t<div class=\"elementor-element elementor-element-38065ad elementor-widget elementor-widget-heading\" data-id=\"38065ad\" data-element_type=\"widget\" data-widget_type=\"heading.default\">\n\t\t\t\t<div class=\"elementor-widget-container\">\n\t\t\t\t\t<h2 class=\"elementor-heading-title elementor-size-default\">Qui sommes nous ?<\/h2>\t\t\t\t<\/div>\n\t\t\t\t<\/div>\n\t\t\t\t\t<\/div>\n\t\t<\/div>\n\t\t\t\t\t<\/div>\n\t\t<\/section>\n\t\t\t\t<section class=\"elementor-section elementor-top-section elementor-element elementor-element-9d86262 elementor-section-boxed elementor-section-height-default elementor-section-height-default\" data-id=\"9d86262\" data-element_type=\"section\">\n\t\t\t\t\t\t<div class=\"elementor-container elementor-column-gap-default\">\n\t\t\t\t\t<div class=\"elementor-column elementor-col-100 elementor-top-column elementor-element elementor-element-9365272\" data-id=\"9365272\" data-element_type=\"column\">\n\t\t\t<div class=\"elementor-widget-wrap elementor-element-populated\">\n\t\t\t\t\t\t<div class=\"elementor-element elementor-element-0d1bc8b elementor-widget elementor-widget-spacer\" data-id=\"0d1bc8b\" data-element_type=\"widget\" data-widget_type=\"spacer.default\">\n\t\t\t\t<div class=\"elementor-widget-container\">\n\t\t\t\t\t\t\t<div class=\"elementor-spacer\">\n\t\t\t<div class=\"elementor-spacer-inner\"><\/div>\n\t\t<\/div>\n\t\t\t\t\t\t<\/div>\n\t\t\t\t<\/div>\n\t\t\t\t\t<\/div>\n\t\t<\/div>\n\t\t\t\t\t<\/div>\n\t\t<\/section>\n\t\t\t\t<section class=\"elementor-section elementor-top-section elementor-element elementor-element-0b5697a elementor-section-boxed elementor-section-height-default elementor-section-height-default\" data-id=\"0b5697a\" data-element_type=\"section\">\n\t\t\t\t\t\t<div class=\"elementor-container elementor-column-gap-default\">\n\t\t\t\t\t<div class=\"elementor-column elementor-col-100 elementor-top-column elementor-element elementor-element-fa581f8\" data-id=\"fa581f8\" data-element_type=\"column\">\n\t\t\t<div class=\"elementor-widget-wrap elementor-element-populated\">\n\t\t\t\t\t\t<div class=\"elementor-element elementor-element-1387b95 elementor-widget elementor-widget-heading\" data-id=\"1387b95\" data-element_type=\"widget\" data-widget_type=\"heading.default\">\n\t\t\t\t<div class=\"elementor-widget-container\">\n\t\t\t\t\t<h2 class=\"elementor-heading-title elementor-size-default\">Le groupement d\u2019employeurs MEDIA<\/h2>\t\t\t\t<\/div>\n\t\t\t\t<\/div>\n\t\t\t\t\t<\/div>\n\t\t<\/div>\n\t\t\t\t\t<\/div>\n\t\t<\/section>\n\t\t\t\t<section class=\"elementor-section elementor-top-section elementor-element elementor-element-7390e9e elementor-section-boxed elementor-section-height-default elementor-section-height-default\" data-id=\"7390e9e\" data-element_type=\"section\">\n\t\t\t\t\t\t<div class=\"elementor-container elementor-column-gap-default\">\n\t\t\t\t\t<div class=\"elementor-column elementor-col-50 elementor-top-column elementor-element elementor-element-0a06757\" data-id=\"0a06757\" data-element_type=\"column\">\n\t\t\t<div class=\"elementor-widget-wrap elementor-element-populated\">\n\t\t\t\t\t\t<div class=\"elementor-element elementor-element-2cfddc2 elementor-widget elementor-widget-image\" data-id=\"2cfddc2\" data-element_type=\"widget\" data-widget_type=\"image.default\">\n\t\t\t\t<div class=\"elementor-widget-container\">\n\t\t\t\t\t\t\t\t\t\t\t\t\t\t\t<img fetchpriority=\"high\" decoding=\"async\" width=\"859\" height=\"833\" src=\"https:\/\/www.asso-1901.fr\/gemedia\/wp-content\/uploads\/2021\/05\/72DPI_diversity-group-of-business-people-community-team-concept.jpg\" class=\"attachment-large size-large wp-image-845\" alt=\"\" srcset=\"https:\/\/www.asso-1901.fr\/gemedia\/wp-content\/uploads\/2021\/05\/72DPI_diversity-group-of-business-people-community-team-concept.jpg 859w, https:\/\/www.asso-1901.fr\/gemedia\/wp-content\/uploads\/2021\/05\/72DPI_diversity-group-of-business-people-community-team-concept-300x291.jpg 300w, https:\/\/www.asso-1901.fr\/gemedia\/wp-content\/uploads\/2021\/05\/72DPI_diversity-group-of-business-people-community-team-concept-768x745.jpg 768w\" sizes=\"(max-width: 859px) 100vw, 859px\" \/>\t\t\t\t\t\t\t\t\t\t\t\t\t\t\t<\/div>\n\t\t\t\t<\/div>\n\t\t\t\t\t<\/div>\n\t\t<\/div>\n\t\t\t\t<div class=\"elementor-column elementor-col-50 elementor-top-column elementor-element elementor-element-84ff8ef\" data-id=\"84ff8ef\" data-element_type=\"column\">\n\t\t\t<div class=\"elementor-widget-wrap elementor-element-populated\">\n\t\t\t\t\t\t<div class=\"elementor-element elementor-element-bad350c elementor-widget elementor-widget-text-editor\" data-id=\"bad350c\" data-element_type=\"widget\" data-widget_type=\"text-editor.default\">\n\t\t\t\t<div class=\"elementor-widget-container\">\n\t\t\t\t\t\t\t\t\t<div class=\"h-column h-column-container d-flex h-col-lg-auto h-col-md-auto h-col-auto style-407-outer style-local-159-c9-outer\"><div class=\"d-flex h-flex-basis h-column__inner h-px-lg-0 h-px-md-0 h-px-2 v-inner-lg-0 v-inner-md-0 v-inner-2 style-407 style-local-159-c9 position-relative\" data-colibri-id=\"159-c9\"><div class=\"w-100 h-y-container h-column__content h-column__v-align flex-basis-100 align-self-lg-center align-self-md-center align-self-center\"><div class=\"h-text h-text-component style-409 style-local-159-c10 position-relative h-element\" data-colibri-id=\"159-c10\"><div class=\"\"><p>\u00a0<\/p><p>\u00a0<\/p><p>Est une association qui emploie des salari\u00e9s \u00e0 temps partag\u00e9, avec diff\u00e9rents membres co-employeurs, dans le but de :<\/p><p>\u2022 stabiliser l\u2019emploi des salari\u00e9s,<\/p><p>\u2022 renforcer les comp\u00e9tences internes des associations,<\/p><p>\u2022 professionnaliser l\u2019exercice de la fonction employeur,<\/p><p>\u2022 mettre en ad\u00e9quation les besoins des adh\u00e9rents co-employeurs avec les attentes des salari\u00e9s.<\/p><p>Depuis 2020, le <strong><a href=\"https:\/\/calvados.franceolympique.com\/accueil.php\">CDOS Calvados<\/a><\/strong> et le GE MEDIA se sont associ\u00e9s pour accompagner les comit\u00e9s et les clubs sportifs du Calvados dans leur d\u00e9marche de professionnalisation. L\u2019objectif est de proposer aux associations membres du r\u00e9seau du CDOS Calvados,<br \/>la possibilit\u00e9 de cr\u00e9er des emplois p\u00e9rennes au sein de leur structure.<\/p><\/div><\/div><\/div><\/div><\/div>\t\t\t\t\t\t\t\t<\/div>\n\t\t\t\t<\/div>\n\t\t\t\t\t<\/div>\n\t\t<\/div>\n\t\t\t\t\t<\/div>\n\t\t<\/section>\n\t\t\t\t<section class=\"elementor-section elementor-top-section elementor-element elementor-element-f524f1d elementor-section-boxed elementor-section-height-default elementor-section-height-default\" data-id=\"f524f1d\" data-element_type=\"section\">\n\t\t\t\t\t\t<div class=\"elementor-container elementor-column-gap-default\">\n\t\t\t\t\t<div class=\"elementor-column elementor-col-100 elementor-top-column elementor-element elementor-element-886beea\" data-id=\"886beea\" data-element_type=\"column\">\n\t\t\t<div class=\"elementor-widget-wrap elementor-element-populated\">\n\t\t\t\t\t\t<div class=\"elementor-element elementor-element-6f728dc elementor-widget elementor-widget-spacer\" data-id=\"6f728dc\" data-element_type=\"widget\" data-widget_type=\"spacer.default\">\n\t\t\t\t<div class=\"elementor-widget-container\">\n\t\t\t\t\t\t\t<div class=\"elementor-spacer\">\n\t\t\t<div class=\"elementor-spacer-inner\"><\/div>\n\t\t<\/div>\n\t\t\t\t\t\t<\/div>\n\t\t\t\t<\/div>\n\t\t\t\t\t<\/div>\n\t\t<\/div>\n\t\t\t\t\t<\/div>\n\t\t<\/section>\n\t\t\t\t<section class=\"elementor-section elementor-top-section elementor-element elementor-element-dcf923d elementor-section-boxed elementor-section-height-default elementor-section-height-default\" data-id=\"dcf923d\" data-element_type=\"section\">\n\t\t\t\t\t\t<div class=\"elementor-container elementor-column-gap-default\">\n\t\t\t\t\t<div class=\"elementor-column elementor-col-50 elementor-top-column elementor-element elementor-element-aa447eb\" data-id=\"aa447eb\" data-element_type=\"column\">\n\t\t\t<div class=\"elementor-widget-wrap elementor-element-populated\">\n\t\t\t\t\t\t<div class=\"elementor-element elementor-element-6ae4a9e elementor-widget elementor-widget-heading\" data-id=\"6ae4a9e\" data-element_type=\"widget\" data-widget_type=\"heading.default\">\n\t\t\t\t<div class=\"elementor-widget-container\">\n\t\t\t\t\t<h2 class=\"elementor-heading-title elementor-size-default\">Les avantages pour les associations<\/h2>\t\t\t\t<\/div>\n\t\t\t\t<\/div>\n\t\t\t\t<div class=\"elementor-element elementor-element-3cd0a33 elementor-widget elementor-widget-text-editor\" data-id=\"3cd0a33\" data-element_type=\"widget\" data-widget_type=\"text-editor.default\">\n\t\t\t\t<div class=\"elementor-widget-container\">\n\t\t\t\t\t\t\t\t\t<div class=\"\"><p>\u2022 Trouver les comp\u00e9tences qui manquent et qui ne justifient pas un temps complet.<\/p><p>\u2022 Partager de fa\u00e7on effective et solidaire la fonction employeur avec d\u2019autres partenaires.<\/p><p>\u2022 Mutualiser des besoins \u00e0 temps partiel entre acteurs associatifs pou faire des emplois \u00e0 temps plein en CDI.<\/p><p>\u2022 Renforcer les coop\u00e9rations associatives pour consolider vos projets.<\/p><\/div>\t\t\t\t\t\t\t\t<\/div>\n\t\t\t\t<\/div>\n\t\t\t\t\t<\/div>\n\t\t<\/div>\n\t\t\t\t<div class=\"elementor-column elementor-col-50 elementor-top-column elementor-element elementor-element-b5c53af\" data-id=\"b5c53af\" data-element_type=\"column\">\n\t\t\t<div class=\"elementor-widget-wrap elementor-element-populated\">\n\t\t\t\t\t\t<div class=\"elementor-element elementor-element-72049ea elementor-widget elementor-widget-heading\" data-id=\"72049ea\" data-element_type=\"widget\" data-widget_type=\"heading.default\">\n\t\t\t\t<div class=\"elementor-widget-container\">\n\t\t\t\t\t<h2 class=\"elementor-heading-title elementor-size-default\">Les avantages pour le salari\u00e9<\/h2>\t\t\t\t<\/div>\n\t\t\t\t<\/div>\n\t\t\t\t<div class=\"elementor-element elementor-element-a56f12b elementor-widget elementor-widget-text-editor\" data-id=\"a56f12b\" data-element_type=\"widget\" data-widget_type=\"text-editor.default\">\n\t\t\t\t<div class=\"elementor-widget-container\">\n\t\t\t\t\t\t\t\t\t<div class=\"\"><div class=\"\"><p>\u2022 Un seul employeur, un seul salaire, un seul contrat.<\/p><p>\u2022 Plusieurs co-employeurs associatifs avec qui partager des projets.<\/p><p>\u2022 Avoir la s\u00e9curit\u00e9 et la stabilit\u00e9 de l\u2019emploi.<\/p><p>\u2022 D\u00e9velopper ses comp\u00e9tences et enrichir ses connaissances.<\/p><\/div><\/div>\t\t\t\t\t\t\t\t<\/div>\n\t\t\t\t<\/div>\n\t\t\t\t\t<\/div>\n\t\t<\/div>\n\t\t\t\t\t<\/div>\n\t\t<\/section>\n\t\t\t\t<section class=\"elementor-section elementor-top-section elementor-element elementor-element-63e2a4b elementor-section-boxed elementor-section-height-default elementor-section-height-default\" data-id=\"63e2a4b\" data-element_type=\"section\">\n\t\t\t\t\t\t<div class=\"elementor-container elementor-column-gap-default\">\n\t\t\t\t\t<div class=\"elementor-column elementor-col-100 elementor-top-column elementor-element elementor-element-9f9559a\" data-id=\"9f9559a\" data-element_type=\"column\">\n\t\t\t<div class=\"elementor-widget-wrap elementor-element-populated\">\n\t\t\t\t\t\t<div class=\"elementor-element elementor-element-5fbdecb elementor-widget elementor-widget-spacer\" data-id=\"5fbdecb\" data-element_type=\"widget\" data-widget_type=\"spacer.default\">\n\t\t\t\t<div class=\"elementor-widget-container\">\n\t\t\t\t\t\t\t<div class=\"elementor-spacer\">\n\t\t\t<div class=\"elementor-spacer-inner\"><\/div>\n\t\t<\/div>\n\t\t\t\t\t\t<\/div>\n\t\t\t\t<\/div>\n\t\t\t\t\t<\/div>\n\t\t<\/div>\n\t\t\t\t\t<\/div>\n\t\t<\/section>\n\t\t\t\t<section class=\"elementor-section elementor-top-section elementor-element elementor-element-5305820 elementor-section-boxed elementor-section-height-default elementor-section-height-default\" data-id=\"5305820\" data-element_type=\"section\">\n\t\t\t\t\t\t<div class=\"elementor-container elementor-column-gap-default\">\n\t\t\t\t\t<div class=\"elementor-column elementor-col-100 elementor-top-column elementor-element elementor-element-8ec0b7d\" data-id=\"8ec0b7d\" data-element_type=\"column\">\n\t\t\t<div class=\"elementor-widget-wrap elementor-element-populated\">\n\t\t\t\t\t\t<div class=\"elementor-element elementor-element-53f80ba elementor-widget elementor-widget-heading\" data-id=\"53f80ba\" data-element_type=\"widget\" data-widget_type=\"heading.default\">\n\t\t\t\t<div class=\"elementor-widget-container\">\n\t\t\t\t\t<h2 class=\"elementor-heading-title elementor-size-default\">Le conseil d'administration<\/h2>\t\t\t\t<\/div>\n\t\t\t\t<\/div>\n\t\t\t\t\t<\/div>\n\t\t<\/div>\n\t\t\t\t\t<\/div>\n\t\t<\/section>\n\t\t\t\t<section class=\"elementor-section elementor-top-section elementor-element elementor-element-ec0ee31 elementor-section-boxed elementor-section-height-default elementor-section-height-default\" data-id=\"ec0ee31\" data-element_type=\"section\">\n\t\t\t\t\t\t<div class=\"elementor-container elementor-column-gap-default\">\n\t\t\t\t\t<div class=\"elementor-column elementor-col-50 elementor-top-column elementor-element elementor-element-df5857b\" data-id=\"df5857b\" data-element_type=\"column\">\n\t\t\t<div class=\"elementor-widget-wrap elementor-element-populated\">\n\t\t\t\t\t\t<div class=\"elementor-element elementor-element-aaa18b1 elementor-widget elementor-widget-text-editor\" data-id=\"aaa18b1\" data-element_type=\"widget\" data-widget_type=\"text-editor.default\">\n\t\t\t\t<div class=\"elementor-widget-container\">\n\t\t\t\t\t\t\t\t\t<p>Le conseil d&rsquo;administration est compos\u00e9 de structures adh\u00e9rentes \u00e9lues pour 3 ans. Les membres de ce CA ont adopt\u00e9 un mode de gouvernance partag\u00e9e sur les domaines de la communication, des finances, des ressources humaines. Celle-ci vise l\u2019implication de l\u2019ensemble des \u00e9lus et l&rsquo;organisation dans le processus de d\u00e9cision. La gouvernance partag\u00e9e permet une redistribution du pouvoir et de la responsabilit\u00e9 pour une meilleure performance de l\u2019association GE MEDIA dans la r\u00e9alisation de son projet associatif.<br \/><br \/>Fort des id\u00e9es \u00e9manant de l\u2019Assembl\u00e9e G\u00e9n\u00e9rale, le Conseil d\u2019Administration d\u00e9finit les orientations strat\u00e9giques et ses priorit\u00e9s de d\u00e9ploiement, intervient sur le budget et le bilan des activit\u00e9s du GE MEDIA.<br \/><br \/>Toutes les structures adh\u00e9rentes peuvent devenir administratrices. Vous \u00eates salari\u00e9\u00b7e ou b\u00e9n\u00e9vole, dans une petite ou grande structure, vous pouvez prendre part au projet collectif et devenir acteur\u00b7trice de ce que deviendra notre outil commun de mutualisation de l\u2019emploi associatif.<\/p>\t\t\t\t\t\t\t\t<\/div>\n\t\t\t\t<\/div>\n\t\t\t\t\t<\/div>\n\t\t<\/div>\n\t\t\t\t<div class=\"elementor-column elementor-col-50 elementor-top-column elementor-element elementor-element-a42d783\" data-id=\"a42d783\" data-element_type=\"column\">\n\t\t\t<div class=\"elementor-widget-wrap elementor-element-populated\">\n\t\t\t\t\t\t<div class=\"elementor-element elementor-element-1f5b914 elementor-widget elementor-widget-image\" data-id=\"1f5b914\" data-element_type=\"widget\" data-widget_type=\"image.default\">\n\t\t\t\t<div class=\"elementor-widget-container\">\n\t\t\t\t\t\t\t\t\t\t\t\t\t\t\t<img decoding=\"async\" width=\"1024\" height=\"750\" src=\"https:\/\/www.asso-1901.fr\/gemedia\/wp-content\/uploads\/2021\/05\/72DPI-1024x750.jpg\" class=\"attachment-large size-large wp-image-844\" alt=\"\" srcset=\"https:\/\/www.asso-1901.fr\/gemedia\/wp-content\/uploads\/2021\/05\/72DPI-1024x750.jpg 1024w, https:\/\/www.asso-1901.fr\/gemedia\/wp-content\/uploads\/2021\/05\/72DPI-300x220.jpg 300w, https:\/\/www.asso-1901.fr\/gemedia\/wp-content\/uploads\/2021\/05\/72DPI-768x562.jpg 768w, https:\/\/www.asso-1901.fr\/gemedia\/wp-content\/uploads\/2021\/05\/72DPI-1536x1125.jpg 1536w, https:\/\/www.asso-1901.fr\/gemedia\/wp-content\/uploads\/2021\/05\/72DPI.jpg 1640w\" sizes=\"(max-width: 1024px) 100vw, 1024px\" \/>\t\t\t\t\t\t\t\t\t\t\t\t\t\t\t<\/div>\n\t\t\t\t<\/div>\n\t\t\t\t\t<\/div>\n\t\t<\/div>\n\t\t\t\t\t<\/div>\n\t\t<\/section>\n\t\t\t\t<section class=\"elementor-section elementor-top-section elementor-element elementor-element-948dabc elementor-section-boxed elementor-section-height-default elementor-section-height-default\" data-id=\"948dabc\" data-element_type=\"section\">\n\t\t\t\t\t\t<div class=\"elementor-container elementor-column-gap-default\">\n\t\t\t\t\t<div class=\"elementor-column elementor-col-100 elementor-top-column elementor-element elementor-element-0697a23\" data-id=\"0697a23\" data-element_type=\"column\">\n\t\t\t<div class=\"elementor-widget-wrap elementor-element-populated\">\n\t\t\t\t\t\t<div class=\"elementor-element elementor-element-9a20da9 elementor-widget elementor-widget-spacer\" data-id=\"9a20da9\" data-element_type=\"widget\" data-widget_type=\"spacer.default\">\n\t\t\t\t<div class=\"elementor-widget-container\">\n\t\t\t\t\t\t\t<div class=\"elementor-spacer\">\n\t\t\t<div class=\"elementor-spacer-inner\"><\/div>\n\t\t<\/div>\n\t\t\t\t\t\t<\/div>\n\t\t\t\t<\/div>\n\t\t\t\t\t<\/div>\n\t\t<\/div>\n\t\t\t\t\t<\/div>\n\t\t<\/section>\n\t\t\t\t<section class=\"elementor-section elementor-top-section elementor-element elementor-element-e839068 elementor-section-boxed elementor-section-height-default elementor-section-height-default\" data-id=\"e839068\" data-element_type=\"section\">\n\t\t\t\t\t\t<div class=\"elementor-container elementor-column-gap-default\">\n\t\t\t\t\t<div class=\"elementor-column elementor-col-100 elementor-top-column elementor-element elementor-element-741769f\" data-id=\"741769f\" data-element_type=\"column\">\n\t\t\t<div class=\"elementor-widget-wrap elementor-element-populated\">\n\t\t\t\t\t\t<div class=\"elementor-element elementor-element-9c954ea elementor-widget elementor-widget-heading\" data-id=\"9c954ea\" data-element_type=\"widget\" data-widget_type=\"heading.default\">\n\t\t\t\t<div class=\"elementor-widget-container\">\n\t\t\t\t\t<h2 class=\"elementor-heading-title elementor-size-default\">Les co-employeurs<\/h2>\t\t\t\t<\/div>\n\t\t\t\t<\/div>\n\t\t\t\t\t<\/div>\n\t\t<\/div>\n\t\t\t\t\t<\/div>\n\t\t<\/section>\n\t\t\t\t<section class=\"elementor-section elementor-top-section elementor-element elementor-element-fc85aa7 elementor-section-full_width elementor-section-height-default elementor-section-height-default\" data-id=\"fc85aa7\" data-element_type=\"section\">\n\t\t\t\t\t\t<div class=\"elementor-container elementor-column-gap-default\">\n\t\t\t\t\t<div class=\"elementor-column elementor-col-100 elementor-top-column elementor-element elementor-element-b9a95ef\" data-id=\"b9a95ef\" data-element_type=\"column\">\n\t\t\t<div class=\"elementor-widget-wrap elementor-element-populated\">\n\t\t\t\t\t\t<div class=\"elementor-element elementor-element-0e7121e elementor-widget elementor-widget-shortcode\" data-id=\"0e7121e\" data-element_type=\"widget\" data-widget_type=\"shortcode.default\">\n\t\t\t\t<div class=\"elementor-widget-container\">\n\t\t\t\t\t\t\t<div class=\"elementor-shortcode\"><\/div>\n\t\t\t\t\t\t<\/div>\n\t\t\t\t<\/div>\n\t\t\t\t\t<\/div>\n\t\t<\/div>\n\t\t\t\t\t<\/div>\n\t\t<\/section>\n\t\t\t\t<\/div>\n\t\t","protected":false},"excerpt":{"rendered":"<p>Qui sommes nous ? Le groupement d\u2019employeurs MEDIA \u00a0 \u00a0 Est une association qui emploie des salari\u00e9s \u00e0 temps partag\u00e9, avec diff\u00e9rents membres co-employeurs, dans le but de : \u2022 stabiliser l\u2019emploi des salari\u00e9s, \u2022 renforcer les comp\u00e9tences internes des associations, \u2022 professionnaliser l\u2019exercice de la fonction employeur, \u2022 mettre en ad\u00e9quation les besoins des [&hellip;]<\/p>\n","protected":false},"author":1,"featured_media":0,"parent":0,"menu_order":0,"comment_status":"closed","ping_status":"closed","template":"","meta":{"ocean_post_layout":"full-screen","ocean_both_sidebars_style":"","ocean_both_sidebars_content_width":0,"ocean_both_sidebars_sidebars_width":0,"ocean_sidebar":"0","ocean_second_sidebar":"0","ocean_disable_margins":"on","ocean_add_body_class":"","ocean_shortcode_before_top_bar":"","ocean_shortcode_after_top_bar":"","ocean_shortcode_before_header":"","ocean_shortcode_after_header":"","ocean_has_shortcode":"","ocean_shortcode_after_title":"","ocean_shortcode_before_footer_widgets":"","ocean_shortcode_after_footer_widgets":"","ocean_shortcode_before_footer_bottom":"","ocean_shortcode_after_footer_bottom":"","ocean_display_top_bar":"default","ocean_display_header":"default","ocean_header_style":"","ocean_center_header_left_menu":"0","ocean_custom_header_template":"0","ocean_custom_logo":0,"ocean_custom_retina_logo":0,"ocean_custom_logo_max_width":0,"ocean_custom_logo_tablet_max_width":0,"ocean_custom_logo_mobile_max_width":0,"ocean_custom_logo_max_height":0,"ocean_custom_logo_tablet_max_height":0,"ocean_custom_logo_mobile_max_height":0,"ocean_header_custom_menu":"0","ocean_menu_typo_font_family":"0","ocean_menu_typo_font_subset":"","ocean_menu_typo_font_size":0,"ocean_menu_typo_font_size_tablet":0,"ocean_menu_typo_font_size_mobile":0,"ocean_menu_typo_font_size_unit":"px","ocean_menu_typo_font_weight":"","ocean_menu_typo_font_weight_tablet":"","ocean_menu_typo_font_weight_mobile":"","ocean_menu_typo_transform":"","ocean_menu_typo_transform_tablet":"","ocean_menu_typo_transform_mobile":"","ocean_menu_typo_line_height":0,"ocean_menu_typo_line_height_tablet":0,"ocean_menu_typo_line_height_mobile":0,"ocean_menu_typo_line_height_unit":"","ocean_menu_typo_spacing":0,"ocean_menu_typo_spacing_tablet":0,"ocean_menu_typo_spacing_mobile":0,"ocean_menu_typo_spacing_unit":"","ocean_menu_link_color":"","ocean_menu_link_color_hover":"","ocean_menu_link_color_active":"","ocean_menu_link_background":"","ocean_menu_link_hover_background":"","ocean_menu_link_active_background":"","ocean_menu_social_links_bg":"","ocean_menu_social_hover_links_bg":"","ocean_menu_social_links_color":"","ocean_menu_social_hover_links_color":"","ocean_disable_title":"on","ocean_disable_heading":"default","ocean_post_title":"","ocean_post_subheading":"","ocean_post_title_style":"","ocean_post_title_background_color":"","ocean_post_title_background":0,"ocean_post_title_bg_image_position":"","ocean_post_title_bg_image_attachment":"","ocean_post_title_bg_image_repeat":"","ocean_post_title_bg_image_size":"","ocean_post_title_height":0,"ocean_post_title_bg_overlay":0.5,"ocean_post_title_bg_overlay_color":"","ocean_disable_breadcrumbs":"default","ocean_breadcrumbs_color":"","ocean_breadcrumbs_separator_color":"","ocean_breadcrumbs_links_color":"","ocean_breadcrumbs_links_hover_color":"","ocean_display_footer_widgets":"default","ocean_display_footer_bottom":"off","ocean_custom_footer_template":"0","footnotes":""},"class_list":["post-159","page","type-page","status-publish","hentry","entry"],"_links":{"self":[{"href":"https:\/\/www.asso-1901.fr\/gemedia\/wp-json\/wp\/v2\/pages\/159","targetHints":{"allow":["GET"]}}],"collection":[{"href":"https:\/\/www.asso-1901.fr\/gemedia\/wp-json\/wp\/v2\/pages"}],"about":[{"href":"https:\/\/www.asso-1901.fr\/gemedia\/wp-json\/wp\/v2\/types\/page"}],"author":[{"embeddable":true,"href":"https:\/\/www.asso-1901.fr\/gemedia\/wp-json\/wp\/v2\/users\/1"}],"replies":[{"embeddable":true,"href":"https:\/\/www.asso-1901.fr\/gemedia\/wp-json\/wp\/v2\/comments?post=159"}],"version-history":[{"count":108,"href":"https:\/\/www.asso-1901.fr\/gemedia\/wp-json\/wp\/v2\/pages\/159\/revisions"}],"predecessor-version":[{"id":1119,"href":"https:\/\/www.asso-1901.fr\/gemedia\/wp-json\/wp\/v2\/pages\/159\/revisions\/1119"}],"wp:attachment":[{"href":"https:\/\/www.asso-1901.fr\/gemedia\/wp-json\/wp\/v2\/media?parent=159"}],"curies":[{"name":"wp","href":"https:\/\/api.w.org\/{rel}","templated":true}]}}